{"id":106,"date":"2025-12-22T12:09:25","date_gmt":"2025-12-22T11:09:25","guid":{"rendered":"http:\/\/www.teatrneon.pl\/?page_id=106"},"modified":"2025-12-22T12:09:25","modified_gmt":"2025-12-22T11:09:25","slug":"spektakle-archiwalne","status":"publish","type":"page","link":"http:\/\/www.teatrneon.pl\/index.php\/spektakle-archiwalne\/","title":{"rendered":"Spektakle archiwalne"},"content":{"rendered":"\n<div class=\"wp-block-group alignfull is-layout-constrained wp-container-core-group-is-layout-ebee8dc1 wp-block-group-is-layout-constrained\" style=\"margin-top:0;margin-bottom:0;padding-top:var(--wp--preset--spacing--50);padding-bottom:var(--wp--preset--spacing--50)\">\n<div class=\"wp-block-columns alignwide is-layout-flex wp-container-core-columns-is-layout-28f84493 wp-block-columns-is-layout-flex\">\n<div class=\"wp-block-column is-layout-flow wp-block-column-is-layout-flow\">\n<figure class=\"wp-block-image size-full\" style=\"margin-bottom:24px\"><img loading=\"lazy\" decoding=\"async\" width=\"1845\" height=\"1222\" src=\"http:\/\/www.teatrneon.pl\/wp-content\/uploads\/2025\/06\/482074727_1041242428036575_531699454704948669_n-edited.jpg\" alt=\"\" class=\"wp-image-40\" style=\"aspect-ratio:4\/3;object-fit:cover\" srcset=\"http:\/\/www.teatrneon.pl\/wp-content\/uploads\/2025\/06\/482074727_1041242428036575_531699454704948669_n-edited.jpg 1845w, http:\/\/www.teatrneon.pl\/wp-content\/uploads\/2025\/06\/482074727_1041242428036575_531699454704948669_n-edited-300x199.jpg 300w, http:\/\/www.teatrneon.pl\/wp-content\/uploads\/2025\/06\/482074727_1041242428036575_531699454704948669_n-edited-1024x678.jpg 1024w, http:\/\/www.teatrneon.pl\/wp-content\/uploads\/2025\/06\/482074727_1041242428036575_531699454704948669_n-edited-768x509.jpg 768w, http:\/\/www.teatrneon.pl\/wp-content\/uploads\/2025\/06\/482074727_1041242428036575_531699454704948669_n-edited-1536x1017.jpg 1536w\" sizes=\"auto, (max-width: 1845px) 100vw, 1845px\" \/><\/figure>\n\n\n\n<h3 class=\"wp-block-heading\"><strong>Kurtyna w g\u00f3r\u0119: Czyli gacie w d\u00f3\u0142<\/strong><\/h3>\n\n\n\n<p class=\"has-medium-font-size\">Co si\u0119 dzieje, gdy grupa nieco nieudolnych aktor\u00f3w pr\u00f3buje wystawi\u0107 sztuk\u0119\u2026 i kompletnie sobie z tym nie radzi? Zajrzyjcie za kulisy spektaklu w spektaklu \u2013 zobaczycie, jak pr\u00f3by zamieniaj\u0105 si\u0119 w fars\u0119, a przedstawienie rozpada si\u0119 na kawa\u0142ki. Re\u017cyser na skraju za\u0142amania, aktorzy na granicy histerii, a technicy maj\u0105 do\u015b\u0107 wszystkiego \u2013 napi\u0119cie ro\u015bnie, a wraz z nim poziom absurdu. Tutaj nic nie idzie zgodnie z planem \u2013 nikt nie zna swojego tekstu, rekwizyty l\u0105duj\u0105 nie tam, gdzie trzeba, na scenie rz\u0105dzi ba\u0142agan, a za kulisami toczy si\u0119 prawdziwy dramat \u2013 romanse, zazdro\u015b\u0107 i konflikty eskaluj\u0105 do granic mo\u017cliwo\u015bci gro\u017c\u0105c ca\u0142kowitym fiaskiem przedstawienia.<\/p>\n\n\n\n<p class=\"has-medium-font-size\"><\/p>\n\n\n\n<p class=\"has-medium-font-size\"><\/p>\n<\/div>\n<\/div>\n<\/div>\n\n\n\n<div class=\"wp-block-columns alignwide is-layout-flex wp-container-core-columns-is-layout-28f84493 wp-block-columns-is-layout-flex\">\n<div class=\"wp-block-column is-layout-flow wp-block-column-is-layout-flow\">\n<figure class=\"wp-block-image size-full\" style=\"margin-bottom:24px\"><img loading=\"lazy\" decoding=\"async\" width=\"1796\" height=\"1347\" src=\"http:\/\/www.teatrneon.pl\/wp-content\/uploads\/2025\/06\/IMG_0141-edited.jpg\" alt=\"\" class=\"wp-image-36\" style=\"aspect-ratio:4\/3;object-fit:cover\" srcset=\"http:\/\/www.teatrneon.pl\/wp-content\/uploads\/2025\/06\/IMG_0141-edited.jpg 1796w, http:\/\/www.teatrneon.pl\/wp-content\/uploads\/2025\/06\/IMG_0141-edited-300x225.jpg 300w, http:\/\/www.teatrneon.pl\/wp-content\/uploads\/2025\/06\/IMG_0141-edited-1024x768.jpg 1024w, http:\/\/www.teatrneon.pl\/wp-content\/uploads\/2025\/06\/IMG_0141-edited-768x576.jpg 768w, http:\/\/www.teatrneon.pl\/wp-content\/uploads\/2025\/06\/IMG_0141-edited-1536x1152.jpg 1536w\" sizes=\"auto, (max-width: 1796px) 100vw, 1796px\" \/><\/figure>\n\n\n\n<h3 class=\"wp-block-heading\"><strong>Paj\u0119czyna<\/strong><\/h3>\n\n\n\n<p class=\"has-medium-font-size\"><em>Misternie utkana historia wci\u0105gnie Was w labirynt k\u0142amstw i domys\u0142\u00f3w.<br>Ka\u017cdy gest czy s\u0142owo mo\u017ce sta\u0107 si\u0119 kluczem do rozwik\u0142ania zagadki. Paj\u0119czyna Agathy Christie w wykonaniu grupy teatralnej NEON przeniesie widz\u00f3w w \u015bwiat zawi\u0142ych intryg, gdzie prawda jest jak nitka w paj\u0119czej sieci &#8211; delikatna, \u0142amliwa, lecz kluczowa do rozwi\u0105zania tajemnicy\u2026<\/em><\/p>\n\n\n\n<p class=\"has-medium-font-size\"><\/p>\n<\/div>\n<\/div>\n","protected":false},"excerpt":{"rendered":"<p>Kurtyna w g\u00f3r\u0119: Czyli gacie w d\u00f3\u0142 Co si\u0119 dzieje, gdy grupa nieco nieudolnych aktor\u00f3w pr\u00f3buje wystawi\u0107 sztuk\u0119\u2026 i kompletnie sobie z tym nie radzi? Zajrzyjcie za kulisy spektaklu w spektaklu \u2013 zobaczycie, jak pr\u00f3by zamieniaj\u0105 si\u0119 w fars\u0119, a przedstawienie rozpada si\u0119 na kawa\u0142ki. Re\u017cyser na skraju za\u0142amania, aktorzy na granicy histerii, a technicy [&hellip;]<\/p>\n","protected":false},"author":1,"featured_media":0,"parent":0,"menu_order":0,"comment_status":"closed","ping_status":"closed","template":"","meta":{"footnotes":""},"class_list":["post-106","page","type-page","status-publish","hentry"],"_links":{"self":[{"href":"http:\/\/www.teatrneon.pl\/index.php\/wp-json\/wp\/v2\/pages\/106","targetHints":{"allow":["GET"]}}],"collection":[{"href":"http:\/\/www.teatrneon.pl\/index.php\/wp-json\/wp\/v2\/pages"}],"about":[{"href":"http:\/\/www.teatrneon.pl\/index.php\/wp-json\/wp\/v2\/types\/page"}],"author":[{"embeddable":true,"href":"http:\/\/www.teatrneon.pl\/index.php\/wp-json\/wp\/v2\/users\/1"}],"replies":[{"embeddable":true,"href":"http:\/\/www.teatrneon.pl\/index.php\/wp-json\/wp\/v2\/comments?post=106"}],"version-history":[{"count":1,"href":"http:\/\/www.teatrneon.pl\/index.php\/wp-json\/wp\/v2\/pages\/106\/revisions"}],"predecessor-version":[{"id":107,"href":"http:\/\/www.teatrneon.pl\/index.php\/wp-json\/wp\/v2\/pages\/106\/revisions\/107"}],"wp:attachment":[{"href":"http:\/\/www.teatrneon.pl\/index.php\/wp-json\/wp\/v2\/media?parent=106"}],"curies":[{"name":"wp","href":"https:\/\/api.w.org\/{rel}","templated":true}]}}